{"version":"1.0","provider_name":"ABEn Nacional ","provider_url":"https:\/\/www.abennacional.org.br\/site","author_name":"admin","author_url":"https:\/\/www.abennacional.org.br\/site\/author\/admin\/","title":"18\u00ba SENADEn - ABEn Nacional","type":"rich","width":600,"height":338,"html":"<blockquote class=\"wp-embedded-content\" data-secret=\"LaPTXcUkvZ\"><a href=\"https:\/\/www.abennacional.org.br\/site\/18o-senaden-e-15o-sinaden\/\">18\u00ba SENADEn<\/a><\/blockquote><iframe sandbox=\"allow-scripts\" security=\"restricted\" src=\"https:\/\/www.abennacional.org.br\/site\/18o-senaden-e-15o-sinaden\/embed\/#?secret=LaPTXcUkvZ\" width=\"600\" height=\"338\" title=\"&#8220;18\u00ba SENADEn&#8221; &#8212; ABEn Nacional \" data-secret=\"LaPTXcUkvZ\" frameborder=\"0\" marginwidth=\"0\" marginheight=\"0\" scrolling=\"no\" class=\"wp-embedded-content\"><\/iframe><script type=\"text\/javascript\">\n\/*! This file is auto-generated *\/\n!function(d,l){\"use strict\";var e=!1,o=!1;if(l.querySelector)if(d.addEventListener)e=!0;if(d.wp=d.wp||{},!d.wp.receiveEmbedMessage)if(d.wp.receiveEmbedMessage=function(e){var t=e.data;if(t)if(t.secret||t.message||t.value)if(!\/[^a-zA-Z0-9]\/.test(t.secret)){for(var r,a,i,s=l.querySelectorAll('iframe[data-secret=\"'+t.secret+'\"]'),n=l.querySelectorAll('blockquote[data-secret=\"'+t.secret+'\"]'),o=new RegExp(\"^https?:$\",\"i\"),c=0;c<n.length;c++)n[c].style.display=\"none\";for(c=0;c<s.length;c++)if(r=s[c],e.source===r.contentWindow){if(r.removeAttribute(\"style\"),\"height\"===t.message){if(1e3<(i=parseInt(t.value,10)))i=1e3;else if(~~i<200)i=200;r.height=i}if(\"link\"===t.message)if(a=l.createElement(\"a\"),i=l.createElement(\"a\"),a.href=r.getAttribute(\"src\"),i.href=t.value,o.test(i.protocol))if(i.host===a.host)if(l.activeElement===r)d.top.location.href=t.value}}},e)d.addEventListener(\"message\",d.wp.receiveEmbedMessage,!1),l.addEventListener(\"DOMContentLoaded\",t,!1),d.addEventListener(\"load\",t,!1);function t(){if(!o){o=!0;for(var e,t,r,a=-1!==navigator.appVersion.indexOf(\"MSIE 10\"),i=!!navigator.userAgent.match(\/Trident.*rv:11\\.\/),s=l.querySelectorAll(\"iframe.wp-embedded-content\"),n=0;n<s.length;n++){if(!(r=(t=s[n]).getAttribute(\"data-secret\")))r=Math.random().toString(36).substr(2,10),t.src+=\"#?secret=\"+r,t.setAttribute(\"data-secret\",r);if(a||i)(e=t.cloneNode(!0)).removeAttribute(\"security\"),t.parentNode.replaceChild(e,t);t.contentWindow.postMessage({message:\"ready\",secret:r},\"*\")}}}}(window,document);\n<\/script>\n","thumbnail_url":"https:\/\/www.abennacional.org.br\/site\/wp-content\/uploads\/2022\/02\/18senadeN.jpg","thumbnail_width":1024,"thumbnail_height":396,"description":"A Associa\u00e7\u00e3o Brasileira de Enfermagem (ABEn), uma entidade pioneira de representa\u00e7\u00e3o da categoria com 95 anos de exist\u00eancia, desempenhando, historicamente, papel de relev\u00e2ncia comprovada na comunidade cient\u00edfica da \u00e1rea de enfermagem, especialmente no processo de forma\u00e7\u00e3o e qualifica\u00e7\u00e3o dos trabalhadores. &nbsp;Ao longo de sua trajet\u00f3ria hist\u00f3rica, a&nbsp; ABEn promove&nbsp;eventos cient\u00edfico, cultural e pol\u00edtico da enfermagem [&hellip;]"}