{"id":12076,"date":"2021-12-23T17:08:02","date_gmt":"2021-12-23T20:08:02","guid":{"rendered":"https:\/\/www.abennacional.org.br\/site\/?page_id=12076"},"modified":"2022-02-08T10:52:03","modified_gmt":"2022-02-08T13:52:03","slug":"18o-senaden-e-15o-sinaden","status":"publish","type":"page","link":"https:\/\/www.abennacional.org.br\/site\/18o-senaden-e-15o-sinaden\/","title":{"rendered":"18\u00ba SENADEn"},"content":{"rendered":"\n<figure class=\"wp-block-image size-full\"><img loading=\"lazy\" width=\"1024\" height=\"396\" src=\"https:\/\/www.abennacional.org.br\/site\/wp-content\/uploads\/2021\/12\/18-SENADEn.gif\" alt=\"\" class=\"wp-image-12078\"\/><\/figure>\n\n\n\n<p>A Associa\u00e7\u00e3o Brasileira de Enfermagem (ABEn), uma entidade pioneira de representa\u00e7\u00e3o da categoria com 95 anos de exist\u00eancia, desempenhando, historicamente, papel de relev\u00e2ncia comprovada na comunidade cient\u00edfica da \u00e1rea de enfermagem, especialmente no processo de forma\u00e7\u00e3o e qualifica\u00e7\u00e3o dos trabalhadores.<\/p>\n\n\n\n<p>&nbsp;Ao longo de sua trajet\u00f3ria hist\u00f3rica, a&nbsp; ABEn promove&nbsp;eventos cient\u00edfico, cultural e pol\u00edtico da enfermagem brasileira, que re\u00fane convidados, pesquisadores nacionais e internacionais, autoridades, estudantes de n\u00edvel t\u00e9cnico, gradua\u00e7\u00e3o e p\u00f3s gradua\u00e7\u00e3o<em>&nbsp;lato<\/em>&nbsp;e&nbsp;<em>stricto sensu,<\/em>&nbsp;trabalhadores de enfermagem e de \u00e1reas afins da sa\u00fade e das ci\u00eancias humanas e sociais.<\/p>\n\n\n\n<p>Assim, em conson\u00e2ncia com a Pol\u00edtica Nacional de Desenvolvimento Cient\u00edfico e Tecnol\u00f3gico vigente no pa\u00eds, este evento de tem\u00e1tica integrada apresenta como contribui\u00e7\u00f5es ao avan\u00e7o da ci\u00eancia, tecnologia e inova\u00e7\u00e3o nos termos gerais, a possibilidade concreta e contextualizada de amplia\u00e7\u00e3o e socializa\u00e7\u00e3o dos principais resultados de pesquisas nas \u00e1reas tem\u00e1ticas. Ainda, promove discuss\u00f5es sobre os desafios contempor\u00e2neos da forma\u00e7\u00e3o profissional em enfermagem e a implementa\u00e7\u00e3o de uma enfermagem sistematizada em todas as suas dimens\u00f5es pr\u00e1ticas. Contribuir\u00e1 igualmente, para a divulga\u00e7\u00e3o dos produtos tecnol\u00f3gicos e inovadores da \u00e1rea da Educa\u00e7\u00e3o e da Sistematiza\u00e7\u00e3o da Pr\u00e1tica de Enfermagem.<\/p>\n\n\n\n<p>Convidamos voc\u00ea&nbsp; para participar, no&nbsp;<strong>per\u00edodo de 26 a 29 de julho de 2022,<\/strong>&nbsp;em S\u00e3o Lu\u00eds, Maranh\u00e3o,&nbsp; o&nbsp;18\u00ba Semin\u00e1rio Nacional de Diretrizes para Educa\u00e7\u00e3o em Enfermagem&nbsp;e&nbsp;15\u00ba&nbsp;Simp\u00f3sio Nacional de Diagn\u00f3sticos de Enfermagem, com o tema&nbsp; para o ano de 2022 \u201c<strong>Os Sentidos da Inova\u00e7\u00e3o Tecnol\u00f3gica: impactos no Ensino e na Pr\u00e1tica do Cuidado em Enfermagem\u201d<\/strong>,&nbsp; acontecer\u00e3o na cidade de S\u00e3o Lu\u00eds-MA.<br><br>Acesse: <br><a href=\"https:\/\/eventogyn.com.br\/18senaden\/\">https:\/\/eventogyn.com.br\/18senaden\/<\/a><\/p>\n","protected":false},"excerpt":{"rendered":"<p>A Associa\u00e7\u00e3o Brasileira de Enfermagem (ABEn), uma entidade pioneira de representa\u00e7\u00e3o da categoria com 95 anos de exist\u00eancia, desempenhando, historicamente, papel de relev\u00e2ncia comprovada na comunidade cient\u00edfica da \u00e1rea de enfermagem, especialmente no processo de forma\u00e7\u00e3o e qualifica\u00e7\u00e3o dos trabalhadores. &nbsp;Ao longo de sua trajet\u00f3ria hist\u00f3rica, a&nbsp; ABEn promove&nbsp;eventos cient\u00edfico, cultural e pol\u00edtico da enfermagem [&hellip;]<\/p>\n","protected":false},"author":1,"featured_media":12175,"parent":0,"menu_order":0,"comment_status":"closed","ping_status":"closed","template":"","meta":{"spay_email":""},"yoast_head":"<!-- This site is optimized with the Yoast SEO plugin v18.3 - https:\/\/yoast.com\/wordpress\/plugins\/seo\/ -->\n<title>18\u00ba SENADEn - ABEn Nacional<\/title>\n<meta name=\"robots\" content=\"index, follow, max-snippet:-1, max-image-preview:large, max-video-preview:-1\" \/>\n<link rel=\"canonical\" href=\"https:\/\/www.abennacional.org.br\/site\/18o-senaden-e-15o-sinaden\/\" \/>\n<meta property=\"og:locale\" content=\"pt_BR\" \/>\n<meta property=\"og:type\" content=\"article\" \/>\n<meta property=\"og:title\" content=\"18\u00ba SENADEn - ABEn Nacional\" \/>\n<meta property=\"og:description\" content=\"A Associa\u00e7\u00e3o Brasileira de Enfermagem (ABEn), uma entidade pioneira de representa\u00e7\u00e3o da categoria com 95 anos de exist\u00eancia, desempenhando, historicamente, papel de relev\u00e2ncia comprovada na comunidade cient\u00edfica da \u00e1rea de enfermagem, especialmente no processo de forma\u00e7\u00e3o e qualifica\u00e7\u00e3o dos trabalhadores. &nbsp;Ao longo de sua trajet\u00f3ria hist\u00f3rica, a&nbsp; ABEn promove&nbsp;eventos cient\u00edfico, cultural e pol\u00edtico da enfermagem [&hellip;]\" \/>\n<meta property=\"og:url\" content=\"https:\/\/www.abennacional.org.br\/site\/18o-senaden-e-15o-sinaden\/\" \/>\n<meta property=\"og:site_name\" content=\"ABEn Nacional\" \/>\n<meta property=\"article:publisher\" content=\"https:\/\/www.facebook.com\/ABEn-Nacional-202551919840028\/\" \/>\n<meta property=\"article:modified_time\" content=\"2022-02-08T13:52:03+00:00\" \/>\n<meta property=\"og:image\" content=\"https:\/\/www.abennacional.org.br\/site\/wp-content\/uploads\/2022\/02\/18senadeN.jpg\" \/>\n\t<meta property=\"og:image:width\" content=\"1024\" \/>\n\t<meta property=\"og:image:height\" content=\"396\" \/>\n\t<meta property=\"og:image:type\" content=\"image\/jpeg\" \/>\n<meta name=\"twitter:card\" content=\"summary_large_image\" \/>\n<meta name=\"twitter:label1\" content=\"Est. tempo de leitura\" \/>\n\t<meta name=\"twitter:data1\" content=\"2 minutos\" \/>\n<script type=\"application\/ld+json\" class=\"yoast-schema-graph\">{\"@context\":\"https:\/\/schema.org\",\"@graph\":[{\"@type\":\"Organization\",\"@id\":\"https:\/\/www.abennacional.org.br\/site\/#organization\",\"name\":\"ABEn Nacional\",\"url\":\"https:\/\/www.abennacional.org.br\/site\/\",\"sameAs\":[\"https:\/\/www.facebook.com\/ABEn-Nacional-202551919840028\/\",\"https:\/\/br.linkedin.com\/in\/aben-nacional-42385511b\",\"https:\/\/www.youtube.com\/watch?v=m8cvAUgypCI\"],\"logo\":{\"@type\":\"ImageObject\",\"@id\":\"https:\/\/www.abennacional.org.br\/site\/#logo\",\"inLanguage\":\"pt-BR\",\"url\":\"https:\/\/www.abennacional.org.br\/site\/wp-content\/uploads\/2018\/12\/logoaben_grande-2.png\",\"contentUrl\":\"https:\/\/www.abennacional.org.br\/site\/wp-content\/uploads\/2018\/12\/logoaben_grande-2.png\",\"width\":410,\"height\":139,\"caption\":\"ABEn Nacional\"},\"image\":{\"@id\":\"https:\/\/www.abennacional.org.br\/site\/#logo\"}},{\"@type\":\"WebSite\",\"@id\":\"https:\/\/www.abennacional.org.br\/site\/#website\",\"url\":\"https:\/\/www.abennacional.org.br\/site\/\",\"name\":\"ABEn Nacional\",\"description\":\"Associa\u00e7\u00e3o Brasileira de Enfermagem\",\"publisher\":{\"@id\":\"https:\/\/www.abennacional.org.br\/site\/#organization\"},\"potentialAction\":[{\"@type\":\"SearchAction\",\"target\":{\"@type\":\"EntryPoint\",\"urlTemplate\":\"https:\/\/www.abennacional.org.br\/site\/?s={search_term_string}\"},\"query-input\":\"required name=search_term_string\"}],\"inLanguage\":\"pt-BR\"},{\"@type\":\"ImageObject\",\"@id\":\"https:\/\/www.abennacional.org.br\/site\/18o-senaden-e-15o-sinaden\/#primaryimage\",\"inLanguage\":\"pt-BR\",\"url\":\"https:\/\/www.abennacional.org.br\/site\/wp-content\/uploads\/2022\/02\/18senadeN.jpg\",\"contentUrl\":\"https:\/\/www.abennacional.org.br\/site\/wp-content\/uploads\/2022\/02\/18senadeN.jpg\",\"width\":1024,\"height\":396},{\"@type\":\"WebPage\",\"@id\":\"https:\/\/www.abennacional.org.br\/site\/18o-senaden-e-15o-sinaden\/#webpage\",\"url\":\"https:\/\/www.abennacional.org.br\/site\/18o-senaden-e-15o-sinaden\/\",\"name\":\"18\u00ba SENADEn - ABEn Nacional\",\"isPartOf\":{\"@id\":\"https:\/\/www.abennacional.org.br\/site\/#website\"},\"primaryImageOfPage\":{\"@id\":\"https:\/\/www.abennacional.org.br\/site\/18o-senaden-e-15o-sinaden\/#primaryimage\"},\"datePublished\":\"2021-12-23T20:08:02+00:00\",\"dateModified\":\"2022-02-08T13:52:03+00:00\",\"breadcrumb\":{\"@id\":\"https:\/\/www.abennacional.org.br\/site\/18o-senaden-e-15o-sinaden\/#breadcrumb\"},\"inLanguage\":\"pt-BR\",\"potentialAction\":[{\"@type\":\"ReadAction\",\"target\":[\"https:\/\/www.abennacional.org.br\/site\/18o-senaden-e-15o-sinaden\/\"]}]},{\"@type\":\"BreadcrumbList\",\"@id\":\"https:\/\/www.abennacional.org.br\/site\/18o-senaden-e-15o-sinaden\/#breadcrumb\",\"itemListElement\":[{\"@type\":\"ListItem\",\"position\":1,\"name\":\"In\u00edcio\",\"item\":\"https:\/\/www.abennacional.org.br\/site\/\"},{\"@type\":\"ListItem\",\"position\":2,\"name\":\"18\u00ba SENADEn\"}]}]}<\/script>\n<!-- \/ Yoast SEO plugin. -->","yoast_head_json":{"title":"18\u00ba SENADEn - ABEn Nacional","robots":{"index":"index","follow":"follow","max-snippet":"max-snippet:-1","max-image-preview":"max-image-preview:large","max-video-preview":"max-video-preview:-1"},"canonical":"https:\/\/www.abennacional.org.br\/site\/18o-senaden-e-15o-sinaden\/","og_locale":"pt_BR","og_type":"article","og_title":"18\u00ba SENADEn - ABEn Nacional","og_description":"A Associa\u00e7\u00e3o Brasileira de Enfermagem (ABEn), uma entidade pioneira de representa\u00e7\u00e3o da categoria com 95 anos de exist\u00eancia, desempenhando, historicamente, papel de relev\u00e2ncia comprovada na comunidade cient\u00edfica da \u00e1rea de enfermagem, especialmente no processo de forma\u00e7\u00e3o e qualifica\u00e7\u00e3o dos trabalhadores. &nbsp;Ao longo de sua trajet\u00f3ria hist\u00f3rica, a&nbsp; ABEn promove&nbsp;eventos cient\u00edfico, cultural e pol\u00edtico da enfermagem [&hellip;]","og_url":"https:\/\/www.abennacional.org.br\/site\/18o-senaden-e-15o-sinaden\/","og_site_name":"ABEn Nacional","article_publisher":"https:\/\/www.facebook.com\/ABEn-Nacional-202551919840028\/","article_modified_time":"2022-02-08T13:52:03+00:00","og_image":[{"width":1024,"height":396,"url":"https:\/\/www.abennacional.org.br\/site\/wp-content\/uploads\/2022\/02\/18senadeN.jpg","type":"image\/jpeg"}],"twitter_card":"summary_large_image","twitter_misc":{"Est. tempo de leitura":"2 minutos"},"schema":{"@context":"https:\/\/schema.org","@graph":[{"@type":"Organization","@id":"https:\/\/www.abennacional.org.br\/site\/#organization","name":"ABEn Nacional","url":"https:\/\/www.abennacional.org.br\/site\/","sameAs":["https:\/\/www.facebook.com\/ABEn-Nacional-202551919840028\/","https:\/\/br.linkedin.com\/in\/aben-nacional-42385511b","https:\/\/www.youtube.com\/watch?v=m8cvAUgypCI"],"logo":{"@type":"ImageObject","@id":"https:\/\/www.abennacional.org.br\/site\/#logo","inLanguage":"pt-BR","url":"https:\/\/www.abennacional.org.br\/site\/wp-content\/uploads\/2018\/12\/logoaben_grande-2.png","contentUrl":"https:\/\/www.abennacional.org.br\/site\/wp-content\/uploads\/2018\/12\/logoaben_grande-2.png","width":410,"height":139,"caption":"ABEn Nacional"},"image":{"@id":"https:\/\/www.abennacional.org.br\/site\/#logo"}},{"@type":"WebSite","@id":"https:\/\/www.abennacional.org.br\/site\/#website","url":"https:\/\/www.abennacional.org.br\/site\/","name":"ABEn Nacional","description":"Associa\u00e7\u00e3o Brasileira de Enfermagem","publisher":{"@id":"https:\/\/www.abennacional.org.br\/site\/#organization"},"potentialAction":[{"@type":"SearchAction","target":{"@type":"EntryPoint","urlTemplate":"https:\/\/www.abennacional.org.br\/site\/?s={search_term_string}"},"query-input":"required name=search_term_string"}],"inLanguage":"pt-BR"},{"@type":"ImageObject","@id":"https:\/\/www.abennacional.org.br\/site\/18o-senaden-e-15o-sinaden\/#primaryimage","inLanguage":"pt-BR","url":"https:\/\/www.abennacional.org.br\/site\/wp-content\/uploads\/2022\/02\/18senadeN.jpg","contentUrl":"https:\/\/www.abennacional.org.br\/site\/wp-content\/uploads\/2022\/02\/18senadeN.jpg","width":1024,"height":396},{"@type":"WebPage","@id":"https:\/\/www.abennacional.org.br\/site\/18o-senaden-e-15o-sinaden\/#webpage","url":"https:\/\/www.abennacional.org.br\/site\/18o-senaden-e-15o-sinaden\/","name":"18\u00ba SENADEn - ABEn Nacional","isPartOf":{"@id":"https:\/\/www.abennacional.org.br\/site\/#website"},"primaryImageOfPage":{"@id":"https:\/\/www.abennacional.org.br\/site\/18o-senaden-e-15o-sinaden\/#primaryimage"},"datePublished":"2021-12-23T20:08:02+00:00","dateModified":"2022-02-08T13:52:03+00:00","breadcrumb":{"@id":"https:\/\/www.abennacional.org.br\/site\/18o-senaden-e-15o-sinaden\/#breadcrumb"},"inLanguage":"pt-BR","potentialAction":[{"@type":"ReadAction","target":["https:\/\/www.abennacional.org.br\/site\/18o-senaden-e-15o-sinaden\/"]}]},{"@type":"BreadcrumbList","@id":"https:\/\/www.abennacional.org.br\/site\/18o-senaden-e-15o-sinaden\/#breadcrumb","itemListElement":[{"@type":"ListItem","position":1,"name":"In\u00edcio","item":"https:\/\/www.abennacional.org.br\/site\/"},{"@type":"ListItem","position":2,"name":"18\u00ba SENADEn"}]}]}},"jetpack_sharing_enabled":true,"jetpack_shortlink":"https:\/\/wp.me\/PaUzFo-38M","_links":{"self":[{"href":"https:\/\/www.abennacional.org.br\/site\/wp-json\/wp\/v2\/pages\/12076"}],"collection":[{"href":"https:\/\/www.abennacional.org.br\/site\/wp-json\/wp\/v2\/pages"}],"about":[{"href":"https:\/\/www.abennacional.org.br\/site\/wp-json\/wp\/v2\/types\/page"}],"author":[{"embeddable":true,"href":"https:\/\/www.abennacional.org.br\/site\/wp-json\/wp\/v2\/users\/1"}],"replies":[{"embeddable":true,"href":"https:\/\/www.abennacional.org.br\/site\/wp-json\/wp\/v2\/comments?post=12076"}],"version-history":[{"count":3,"href":"https:\/\/www.abennacional.org.br\/site\/wp-json\/wp\/v2\/pages\/12076\/revisions"}],"predecessor-version":[{"id":12086,"href":"https:\/\/www.abennacional.org.br\/site\/wp-json\/wp\/v2\/pages\/12076\/revisions\/12086"}],"wp:featuredmedia":[{"embeddable":true,"href":"https:\/\/www.abennacional.org.br\/site\/wp-json\/wp\/v2\/media\/12175"}],"wp:attachment":[{"href":"https:\/\/www.abennacional.org.br\/site\/wp-json\/wp\/v2\/media?parent=12076"}],"curies":[{"name":"wp","href":"https:\/\/api.w.org\/{rel}","templated":true}]}}